{"id":463,"date":"2019-10-21T18:32:09","date_gmt":"2019-10-21T18:32:09","guid":{"rendered":"http:\/\/voteetudiant.ca\/canada\/?page_id=463"},"modified":"2025-05-29T17:48:53","modified_gmt":"2025-05-29T17:48:53","slug":"les-resultats","status":"publish","type":"page","link":"https:\/\/voteetudiant.ca\/canada\/les-resultats\/","title":{"rendered":"Les r\u00e9sultats"},"content":{"rendered":"<h2><b>Les \u00e9l\u00e8ve<\/b><b>s \u00e9lisent un gouvernement conservateur lors d\u2019une \u00e9lection nationale<\/b><\/h2>\n<p><span style=\"font-weight: 400;\">Plus de 949 000 \u00e9<\/span><span style=\"font-weight: 400;\">l\u00e8ves du primaire et du secondaire ont particip\u00e9 au Vote \u00e9tudiant Canada, dans le cadre des \u00e9lections f\u00e9d\u00e9rales de 2025.\u00a0<\/span><\/p>\n<p><span style=\"font-weight: 400;\">Apr\u00e8s en avoir appris sur le gouvernement et la d\u00e9mocratie, fait des recherches sur les partis et les personnes candidates, et d\u00e9battu de l\u2019avenir du pays, les \u00e9l\u00e8ves ont vot\u00e9 pour les candidates et les candidats officiels qui se pr\u00e9sentent dans la circonscription \u00e9lectorale de leur \u00e9cole.<\/span><\/p>\n<p><span style=\"font-weight: 400;\">\u00c0 16h00 le 16 mai, 917 109<\/span><span style=\"font-weight: 400;\"> votes avaient \u00e9t\u00e9 enregistr\u00e9s dans 6 302 \u00e9coles \u00e0 travers le pays, avec des r\u00e9sultats provenant de toutes les 343 circonscriptions \u00e9lectorales. 32 404 bulletins rejet\u00e9s ont aussi \u00e9t\u00e9 compt\u00e9s.<\/span><\/p>\n<p><span style=\"font-weight: 400;\">Les \u00e9l\u00e8ves ont \u00e9lu un gouvernement<\/span><span style=\"font-weight: 400;\"> conservateur minoritaire, et le Parti lib\u00e9ral f<\/span><span style=\"font-weight: 400;\">orme l\u2019opposition officielle.<\/span><\/p>\n<ul>\n<li style=\"font-weight: 400;\" aria-level=\"1\"><span style=\"font-weight: 400;\">Le<\/span> <strong>Parti conservateur<\/strong> <span style=\"font-weight: 400;\">a remport\u00e9<\/span><span style=\"font-weight: 400;\"> 163 si\u00e8ges et 36,3 % du vote populaire, formant un gouvernement minoritaire. <\/span><strong>Pierre Poilievre<\/strong><span style=\"font-weight: 400;\"> a remport\u00e9 son si\u00e8ge <\/span><span style=\"font-weight: 400;\">dans la circonscription de<\/span> <span style=\"font-weight: 400;\">Carleton, en Ontario<\/span><span style=\"font-weight: 400;\">.<\/span><\/li>\n<li style=\"font-weight: 400;\" aria-level=\"1\"><span style=\"font-weight: 400;\">Le <\/span><strong>Parti lib\u00e9ral<\/strong> <span style=\"font-weight: 400;\">a remport\u00e9 147 si\u00e8ges et 31,8 % du vote populaire, formant l\u2019opposition officielle. <\/span><strong>Mark Carney<\/strong> <span style=\"font-weight: 400;\">a remport\u00e9 son si\u00e8ge dans la circonscription de Nepean, e<\/span><span style=\"font-weight: 400;\">n Ontario.<\/span><\/li>\n<li style=\"font-weight: 400;\" aria-level=\"1\"><span style=\"font-weight: 400;\">Le <\/span><strong>Bloc Qu\u00e9b\u00e9cois<\/strong><span style=\"font-weight: 400;\"> a remport\u00e9<\/span><span style=\"font-weight: 400;\"> 18 si\u00e8ges et 2,2 % du vote populaire. <\/span><strong>Yves-Fran\u00e7ois Blanchet<\/strong> <span style=\"font-weight: 400;\">a remport\u00e9 son si\u00e8ge dans la circonscripti<\/span><span style=\"font-weight: 400;\">on de Beloeil\u2014Chambly, au Qu\u00e9bec.<\/span><\/li>\n<li style=\"font-weight: 400;\" aria-level=\"1\"><span style=\"font-weight: 400;\">Le<\/span> <strong>NPD<\/strong> <span style=\"font-weight: 400;\">a remport\u00e9 <\/span><span style=\"font-weight: 400;\">13 si\u00e8ges et 14,5 % du vote populaire.<\/span> <strong>Jagmeet Singh<\/strong><span style=\"font-weight: 400;\"> a perdu<\/span><span style=\"font-weight: 400;\"> son si\u00e8ge dans la circonscription de Burnaby South, en Colombie-Britannique.\u00a0<\/span><\/li>\n<li style=\"font-weight: 400;\" aria-level=\"1\"><span style=\"font-weight: 400;\">Le <\/span><strong>Parti Vert<\/strong> <span style=\"font-weight: 400;\">a remport\u00e9<\/span><span style=\"font-weight: 400;\"> 2 si\u00e8ges et 7,4 % du vote populaire. <\/span><strong>Jonathan Pedneault<\/strong> <span style=\"font-weight: 400;\">a perdu son si\u00e8ge <\/span><span style=\"font-weight: 400;\">dans la circonscription d\u2019Outremont, au Qu\u00e9bec, et <\/span><b>Elizabeth May<\/b><span style=\"font-weight: 400;\"> a remport\u00e9 <\/span><span style=\"font-weight: 400;\">son si\u00e8ge dans la circonscription de Saanich\u2014Gulf Islands, en Colombie-Britannique<\/span><span style=\"font-weight: 400;\">.\n<p><\/span><\/li>\n<\/ul>\n<p><strong>VOUS TROUVEREZ LA LISTE COMPL\u00c8TE DES R\u00c9SULTATS ICI : <a href=\"https:\/\/voteetudiant.ca\/resultats\/home\/national_results\/59\" target=\"_blank\" rel=\"noopener\">voteetudiant.ca\/resultats<\/a><\/strong><\/p>\n<p>&nbsp;<\/p>\n<h1><b>SONDAGE POST\u00c9LECTORAL DU VOTE \u00c9TUDIANT CANADA 2025<\/b><\/h1>\n<p><span style=\"font-weight: 400;\">Les r\u00e9sultats du Vote \u00e9tudiant Canada 2025 ont suscit\u00e9 plus d\u2019analyses et de discussions que jamais. D\u2019ailleurs, de nombreuses personnes expertes et sp\u00e9cialistes en politique se sont int\u00e9ress\u00e9es aux r\u00e9sultats du Vote \u00e9tudiant et ont tent\u00e9 d\u2019expliquer ce qu\u2019ils r\u00e9v\u00e8lent sur la g\u00e9n\u00e9ration des jeunes et sur l\u2019avenir du Canada.<\/span><\/p>\n<p><span style=\"font-weight: 400;\">Nous avons demand\u00e9 \u00e0 Abacus Data de mener une analyse approfondie des r\u00e9sultats du Vote \u00e9tudiant. \u00c0 l\u2019aide de notre partenaire, nous sommes all\u00e9s directement \u00e0 la source et avons recueilli l\u2019opinion de plus de 13 000 \u00e9l\u00e8ves \u00e0 travers le pays par le biais de notre sondage. Les questions pos\u00e9es aux \u00e9l\u00e8ves visaient \u00e0 mettre en lumi\u00e8re les enjeux qui leur tiennent \u00e0 c\u0153ur et les facteurs qui ont influenc\u00e9 leur vote.\u00a0<\/span><\/p>\n<p><span style=\"font-weight: 400;\">Plus de la moiti\u00e9 (54 %) des \u00e9l\u00e8ves qui ont r\u00e9pondu au sondage ont affirm\u00e9 que leur vote \u00e9tait principalement fond\u00e9 sur le parti politique qui, selon eux, proposait les meilleures politiques. Les r\u00e9sultats ont aussi d\u00e9montr\u00e9 que le co\u00fbt de la vie \u00e9tait de loin l\u2019enjeu le plus important pour les jeunes lors de cette \u00e9lection.<\/span><\/p>\n<p><span style=\"font-weight: 400;\">Vous pouvez consulter un r\u00e9sum\u00e9 de l\u2019analyse d\u2019Abacus Data sur le site de CIVIX : \u00ab <\/span><a href=\"https:\/\/civix.ca\/fr\/sondage-de-sortie-des-urnes-de-vote-etudiant-canada-les-enjeux-et-les-influences-qui-ont-faconne-les-resultats\/\"><span style=\"font-weight: 400;\">Sondage de sortie des urnes de Vote \u00e9tudiant Canada : les enjeux et les influences qui ont fa\u00e7onn\u00e9 les r\u00e9sultats<\/span><\/a><span style=\"font-weight: 400;\"> \u00bb.<\/span><\/p>\n<p><span style=\"font-weight: 400;\">L\u2019\u00e9quipe de CIVIX a pr\u00e9par\u00e9 quelques activit\u00e9s et du mat\u00e9riel compl\u00e9mentaire pour aider \u00e0 interpr\u00e9ter les r\u00e9sultats du Vote \u00e9tudiant Canada 2025 et du sondage post\u00e9lectoral destin\u00e9 aux \u00e9l\u00e8ves.\u00a0<\/span><\/p>\n<ul>\n<li style=\"font-weight: 400;\" aria-level=\"1\"><strong>Activit\u00e9s et analyses post\u00e9lectorales [<a href=\"https:\/\/voteetudiant.ca\/canada\/wp-content\/uploads\/2025\/05\/Vote-etudiant-Canada-2025-_-Activites-et-analyses-postelectorales.pdf\" target=\"_blank\" rel=\"noopener\">PDF<\/a>] [<a href=\"https:\/\/docs.google.com\/document\/d\/1TcUqAHseaTC8pxJtGmZsB_qrhCKG6E1eF0bhXKe4edY\/copy?tab=t.0\" target=\"_blank\" rel=\"noopener\">Web<\/a>]<\/strong><\/li>\n<li style=\"font-weight: 400;\" aria-level=\"1\"><strong>Diaporama\u00a0 &#8211; Sondage post\u00e9lectoral [<a href=\"https:\/\/voteetudiant.ca\/canada\/wp-content\/uploads\/2025\/05\/VE-Canada-2025-Sondage-postelectoral.pdf\" target=\"_blank\" rel=\"noopener\">PDF<\/a>] [<a href=\"https:\/\/docs.google.com\/presentation\/d\/14b9qu-lQF3PgP7p0TI6laAaRh54LocO5IScYyIjI8cI\/copy\" target=\"_blank\" rel=\"noopener\">Web<\/a>]<\/strong><\/li>\n<li style=\"font-weight: 400;\" aria-level=\"1\"><strong><a href=\"https:\/\/www.canada.ca\/fr\/conseil-prive\/campagnes\/discours-trone\/2025\/discours-du-trone.html\" target=\"_blank\" rel=\"noopener\">Discours du Tr\u00f4ne<\/a>\u00a0<\/strong><\/li>\n<li style=\"font-weight: 400;\" aria-level=\"1\"><strong><a href=\"https:\/\/www.pm.gc.ca\/fr\/lettres-de-mandat\/2025\/05\/21\/lettre-de-mandat\" target=\"_blank\" rel=\"noopener\">Lettre de mandat<\/a>\u00a0<\/strong><\/li>\n<\/ul>\n<p>&nbsp;<\/p>\n","protected":false},"excerpt":{"rendered":"<p>Les \u00e9l\u00e8ves \u00e9lisent un gouvernement conservateur lors d\u2019une \u00e9lection nationale Plus de 949 000 \u00e9l\u00e8ves du primaire et du secondaire ont particip\u00e9 au Vote \u00e9tudiant Canada, dans le cadre des \u00e9lections f\u00e9d\u00e9rales de 2025.\u00a0 Apr\u00e8s en avoir appris sur le gouvernement et la d\u00e9mocratie, fait des recherches sur les partis et les personnes candidates, et [&hellip;]<\/p>\n","protected":false},"author":2,"featured_media":0,"parent":0,"menu_order":0,"comment_status":"closed","ping_status":"closed","template":"","meta":{"_acf_changed":false,"footnotes":""},"class_list":["post-463","page","type-page","status-publish","hentry"],"acf":[],"_links":{"self":[{"href":"https:\/\/voteetudiant.ca\/canada\/wp-json\/wp\/v2\/pages\/463","targetHints":{"allow":["GET"]}}],"collection":[{"href":"https:\/\/voteetudiant.ca\/canada\/wp-json\/wp\/v2\/pages"}],"about":[{"href":"https:\/\/voteetudiant.ca\/canada\/wp-json\/wp\/v2\/types\/page"}],"author":[{"embeddable":true,"href":"https:\/\/voteetudiant.ca\/canada\/wp-json\/wp\/v2\/users\/2"}],"replies":[{"embeddable":true,"href":"https:\/\/voteetudiant.ca\/canada\/wp-json\/wp\/v2\/comments?post=463"}],"version-history":[{"count":31,"href":"https:\/\/voteetudiant.ca\/canada\/wp-json\/wp\/v2\/pages\/463\/revisions"}],"predecessor-version":[{"id":1622,"href":"https:\/\/voteetudiant.ca\/canada\/wp-json\/wp\/v2\/pages\/463\/revisions\/1622"}],"wp:attachment":[{"href":"https:\/\/voteetudiant.ca\/canada\/wp-json\/wp\/v2\/media?parent=463"}],"curies":[{"name":"wp","href":"https:\/\/api.w.org\/{rel}","templated":true}]}}